{"id":975,"date":"2025-07-18T15:37:19","date_gmt":"2025-07-18T15:37:19","guid":{"rendered":"https:\/\/iamarif.com\/demo\/energie\/?post_type=project&#038;p=975"},"modified":"2025-07-29T16:11:31","modified_gmt":"2025-07-29T16:11:31","slug":"solarstadt-weil-am-rhein-8","status":"publish","type":"project","link":"https:\/\/iamarif.com\/demo\/energie\/project\/solarstadt-weil-am-rhein-8\/","title":{"rendered":"Neubau BAUWERK Kompetenzzentrum in Zweibr\u00fccken"},"content":{"rendered":"\n<p>Das Bauwerk Kompetenzzentrum in Zweibr\u00fccken ist ein moderner Neubau, der von Beginn an auf Energieeffizienz und Nachhaltigkeit ausgelegt wurde. Mit zukunftsorientierter Geb\u00e4udetechnik und innovativen L\u00f6sungen entstand ein Kompetenzzentrum, das sowohl\u00f6kologisch als auch wirtschaftlich Ma\u00dfst\u00e4be setzt.<\/p>\n\n\n\n<p>Das Bauwerk Kompetenzzentrum in Zweibr\u00fccken wurde als moderner Neubau mit einem klaren Fokus auf Energieeffizienz und Nachhaltigkeit konzipiert. Bei der Planung und Umsetzung stand der Einsatz zukunftsorientierter Geb\u00e4udetechnik im Vordergrund, um sowohl \u00f6kologische als auch \u00f6konomische Vorteile zu erzielen. <\/p>\n\n\n\n<p>Herzst\u00fcck des Energiekonzepts sind moderne W\u00e4rmepumpensysteme, die eine effiziente und umweltfreundliche W\u00e4rmeversorgung sicherstellen. Durch den Verzicht auf fossile Brennstoffe wird der CO\u2082-Aussto\u00df erheblich reduziert, w\u00e4hrend gleichzeitig niedrige Betriebskosten erm\u00f6glicht werden. Erg\u00e4nzt wird dieses System durch eine intelligenteGeb\u00e4udeleittechnik, die eine bedarfsgerechte Steuerung von Heizung, K\u00fchlung und L\u00fcftung erm\u00f6glicht und so den Energieverbrauch optimiert.<\/p>\n\n\n\n<figure class=\"wp-block-image size-full\"><img fetchpriority=\"high\" decoding=\"async\" width=\"761\" height=\"507\" src=\"https:\/\/iamarif.com\/demo\/energie\/wp-content\/uploads\/2025\/07\/reference_bauwerk_zweibruecken_4_900x507.webp\" alt=\"\" class=\"wp-image-1452\" srcset=\"https:\/\/iamarif.com\/demo\/energie\/wp-content\/uploads\/2025\/07\/reference_bauwerk_zweibruecken_4_900x507.webp 761w, https:\/\/iamarif.com\/demo\/energie\/wp-content\/uploads\/2025\/07\/reference_bauwerk_zweibruecken_4_900x507-300x200.webp 300w\" sizes=\"(max-width: 761px) 100vw, 761px\" \/><\/figure>\n\n\n\n<p>Zus\u00e4tzlich sorgen innovative L\u00f6sungen f\u00fcr <strong>Raumklima und Energieverteilung<\/strong> daf\u00fcr, dass im gesamten Kompetenzzentrum ein gleichbleibend hoher Komfort herrscht \u2013 unabh\u00e4ngig von Jahreszeit und Auslastung. Diese Ma\u00dfnahmen machen das Bauwerk Kompetenzzentrum zu einem Vorzeigeprojekt f\u00fcr nachhaltige Geb\u00e4udetechnik und energieeffizientes Bauen.<\/p>\n","protected":false},"excerpt":{"rendered":"<p>Das Bauwerk Kompetenzzentrum in Zweibr\u00fccken ist ein moderner Neubau, der von Beginn an auf Energieeffizienz und Nachhaltigkeit ausgelegt wurde. Mit zukunftsorientierter Geb\u00e4udetechnik und innovativen L\u00f6sungen entstand ein Kompetenzzentrum, das sowohl\u00f6kologisch als auch wirtschaftlich Ma\u00dfst\u00e4be setzt.<\/p>\n","protected":false},"featured_media":1451,"template":"","meta":{"_acf_changed":false,"inline_featured_image":false},"class_list":["post-975","project","type-project","status-publish","has-post-thumbnail","hentry"],"acf":[],"_links":{"self":[{"href":"https:\/\/iamarif.com\/demo\/energie\/wp-json\/wp\/v2\/project\/975","targetHints":{"allow":["GET"]}}],"collection":[{"href":"https:\/\/iamarif.com\/demo\/energie\/wp-json\/wp\/v2\/project"}],"about":[{"href":"https:\/\/iamarif.com\/demo\/energie\/wp-json\/wp\/v2\/types\/project"}],"version-history":[{"count":5,"href":"https:\/\/iamarif.com\/demo\/energie\/wp-json\/wp\/v2\/project\/975\/revisions"}],"predecessor-version":[{"id":1494,"href":"https:\/\/iamarif.com\/demo\/energie\/wp-json\/wp\/v2\/project\/975\/revisions\/1494"}],"wp:featuredmedia":[{"embeddable":true,"href":"https:\/\/iamarif.com\/demo\/energie\/wp-json\/wp\/v2\/media\/1451"}],"wp:attachment":[{"href":"https:\/\/iamarif.com\/demo\/energie\/wp-json\/wp\/v2\/media?parent=975"}],"curies":[{"name":"wp","href":"https:\/\/api.w.org\/{rel}","templated":true}]}}