{"id":974,"date":"2025-07-18T15:37:19","date_gmt":"2025-07-18T15:37:19","guid":{"rendered":"https:\/\/iamarif.com\/demo\/energie\/?post_type=project&#038;p=974"},"modified":"2025-07-29T16:16:58","modified_gmt":"2025-07-29T16:16:58","slug":"solarstadt-weil-am-rhein-10","status":"publish","type":"project","link":"https:\/\/iamarif.com\/demo\/energie\/project\/solarstadt-weil-am-rhein-10\/","title":{"rendered":"Kiesel GmbH Stockstadt"},"content":{"rendered":"\n<figure class=\"wp-block-image size-full\"><img fetchpriority=\"high\" decoding=\"async\" width=\"1280\" height=\"853\" src=\"https:\/\/iamarif.com\/demo\/energie\/wp-content\/uploads\/2025\/07\/Teaser-Kiesel-GmbH-1-16-9-1280x853px.jpg\" alt=\"\" class=\"wp-image-1442\" srcset=\"https:\/\/iamarif.com\/demo\/energie\/wp-content\/uploads\/2025\/07\/Teaser-Kiesel-GmbH-1-16-9-1280x853px.jpg 1280w, https:\/\/iamarif.com\/demo\/energie\/wp-content\/uploads\/2025\/07\/Teaser-Kiesel-GmbH-1-16-9-1280x853px-300x200.jpg 300w, https:\/\/iamarif.com\/demo\/energie\/wp-content\/uploads\/2025\/07\/Teaser-Kiesel-GmbH-1-16-9-1280x853px-1024x682.jpg 1024w, https:\/\/iamarif.com\/demo\/energie\/wp-content\/uploads\/2025\/07\/Teaser-Kiesel-GmbH-1-16-9-1280x853px-768x512.jpg 768w\" sizes=\"(max-width: 1280px) 100vw, 1280px\" \/><\/figure>\n\n\n\n<p>Im Mittelpunkt des Energiekonzepts steht der Einsatz einer hochmodernen W\u00e4rmepumpentechnik, die die bisherige fossile W\u00e4rmeerzeugung ersetzt und dadurch eine umweltfreundlichere Versorgung von Heizung und Warmwasser sicherstellt. Diese Technologie nutzt Umweltenergie und macht die W\u00e4rmeversorgung nahezu unabh\u00e4ngig von fossilen Brennstoffen. Erg\u00e4nzt wird die W\u00e4rmepumpe durch eine leistungsf\u00e4hige Geb\u00e4udeleittechnik, die alle relevanten Systeme wie Heizung, K\u00fchlung und L\u00fcftung intelligent miteinander vernetzt und bedarfsgerecht steuert. Dadurch wird nicht nur der Energieverbrauch optimiert, sondern auch ein hohes Ma\u00df an Betriebssicherheit und Komfort gew\u00e4hrleistet.<\/p>\n\n\n\n<figure class=\"wp-block-image size-full\"><img decoding=\"async\" width=\"1962\" height=\"1302\" src=\"https:\/\/iamarif.com\/demo\/energie\/wp-content\/uploads\/2025\/07\/Ekran-Resmi-2025-07-29-19.14.26.png\" alt=\"\" class=\"wp-image-1495\" srcset=\"https:\/\/iamarif.com\/demo\/energie\/wp-content\/uploads\/2025\/07\/Ekran-Resmi-2025-07-29-19.14.26.png 1962w, https:\/\/iamarif.com\/demo\/energie\/wp-content\/uploads\/2025\/07\/Ekran-Resmi-2025-07-29-19.14.26-300x199.png 300w, https:\/\/iamarif.com\/demo\/energie\/wp-content\/uploads\/2025\/07\/Ekran-Resmi-2025-07-29-19.14.26-1024x680.png 1024w, https:\/\/iamarif.com\/demo\/energie\/wp-content\/uploads\/2025\/07\/Ekran-Resmi-2025-07-29-19.14.26-768x510.png 768w, https:\/\/iamarif.com\/demo\/energie\/wp-content\/uploads\/2025\/07\/Ekran-Resmi-2025-07-29-19.14.26-1536x1019.png 1536w\" sizes=\"(max-width: 1962px) 100vw, 1962px\" \/><\/figure>\n\n\n\n<p>Dar\u00fcber hinaus wurden <strong>optimierte Regelungstechniken<\/strong> sowie gezielte Verbesserungen in der Energieverteilung umgesetzt, um vorhandene Ressourcen noch effizienter zu nutzen. Durch diese Ma\u00dfnahmen profitieren sowohl Betreiber als auch Nutzer des Geb\u00e4udes von einem zuverl\u00e4ssigeren und komfortableren Heiz- und K\u00fchlsystem, das flexibel auf die wechselnden Anforderungen reagiert.<\/p>\n\n\n\n<figure class=\"wp-block-image size-large\"><img decoding=\"async\" width=\"1024\" height=\"680\" src=\"https:\/\/iamarif.com\/demo\/energie\/wp-content\/uploads\/2025\/07\/Ekran-Resmi-2025-07-29-16.31.06-1024x680.png\" alt=\"\" class=\"wp-image-1445\" srcset=\"https:\/\/iamarif.com\/demo\/energie\/wp-content\/uploads\/2025\/07\/Ekran-Resmi-2025-07-29-16.31.06-1024x680.png 1024w, https:\/\/iamarif.com\/demo\/energie\/wp-content\/uploads\/2025\/07\/Ekran-Resmi-2025-07-29-16.31.06-300x199.png 300w, https:\/\/iamarif.com\/demo\/energie\/wp-content\/uploads\/2025\/07\/Ekran-Resmi-2025-07-29-16.31.06-768x510.png 768w, https:\/\/iamarif.com\/demo\/energie\/wp-content\/uploads\/2025\/07\/Ekran-Resmi-2025-07-29-16.31.06-1536x1021.png 1536w, https:\/\/iamarif.com\/demo\/energie\/wp-content\/uploads\/2025\/07\/Ekran-Resmi-2025-07-29-16.31.06-2048x1361.png 2048w\" sizes=\"(max-width: 1024px) 100vw, 1024px\" \/><\/figure>\n\n\n\n<p>Das Ergebnis ist ein <strong>zukunftssicherer Geb\u00e4udebetrieb<\/strong>, der durch seine moderne Energietechnik sowohl \u00f6kologischen als auch wirtschaftlichen Anspr\u00fcchen gerecht wird. Gleichzeitig wird ein deutlich verbessertes Nachhaltigkeitsprofil erreicht, das als Beispiel f\u00fcr erfolgreiche Modernisierung und klimafreundliche Geb\u00e4udeentwicklung dient.<\/p>\n","protected":false},"excerpt":{"rendered":"<p>Das Projekt Kiesel in Stockstadt umfasst die Modernisierung und energieeffiziente<br \/>\nAusstattung eines bestehenden Geb\u00e4udekomplexes. Ziel war es, die Energieeffizienz nachhaltig zu steigern, die Betriebskosten zu senken und den CO\u2082-Aussto\u00df deutlich zu reduzieren.<\/p>\n","protected":false},"featured_media":1442,"template":"","meta":{"_acf_changed":false,"inline_featured_image":false},"class_list":["post-974","project","type-project","status-publish","has-post-thumbnail","hentry"],"acf":[],"_links":{"self":[{"href":"https:\/\/iamarif.com\/demo\/energie\/wp-json\/wp\/v2\/project\/974","targetHints":{"allow":["GET"]}}],"collection":[{"href":"https:\/\/iamarif.com\/demo\/energie\/wp-json\/wp\/v2\/project"}],"about":[{"href":"https:\/\/iamarif.com\/demo\/energie\/wp-json\/wp\/v2\/types\/project"}],"version-history":[{"count":4,"href":"https:\/\/iamarif.com\/demo\/energie\/wp-json\/wp\/v2\/project\/974\/revisions"}],"predecessor-version":[{"id":1497,"href":"https:\/\/iamarif.com\/demo\/energie\/wp-json\/wp\/v2\/project\/974\/revisions\/1497"}],"wp:featuredmedia":[{"embeddable":true,"href":"https:\/\/iamarif.com\/demo\/energie\/wp-json\/wp\/v2\/media\/1442"}],"wp:attachment":[{"href":"https:\/\/iamarif.com\/demo\/energie\/wp-json\/wp\/v2\/media?parent=974"}],"curies":[{"name":"wp","href":"https:\/\/api.w.org\/{rel}","templated":true}]}}